{"id":8430,"date":"2025-12-18T16:04:10","date_gmt":"2025-12-18T16:04:10","guid":{"rendered":"https:\/\/museurealcompanhiavelha.pt\/?post_type=museum&#038;p=8430"},"modified":"2026-04-01T10:51:46","modified_gmt":"2026-04-01T10:51:46","slug":"aguarela-cachao-da-valeira-antes-da-demolicao","status":"publish","type":"museum","link":"https:\/\/museurealcompanhiavelha.pt\/es\/museum\/aguarela-cachao-da-valeira-antes-da-demolicao\/","title":{"rendered":"Acuarela de Cach\u00e3o da Valeira (antes de la demolici\u00f3n)"},"content":{"rendered":"<h4 class=\"wp-block-heading has-text-color\" style=\"color:#ad9a6d\">Pieza del mes - diciembre, 2019<\/h4>\n\n\n\n<figure class=\"wp-block-image size-full\"><img fetchpriority=\"high\" decoding=\"async\" width=\"886\" height=\"354\" src=\"https:\/\/museurealcompanhiavelha.pt\/wp-content\/uploads\/2025\/12\/image-11.png\" alt=\"\" class=\"wp-image-8431\" title=\"\" srcset=\"https:\/\/museurealcompanhiavelha.pt\/wp-content\/uploads\/2025\/12\/image-11.png 886w, https:\/\/museurealcompanhiavelha.pt\/wp-content\/uploads\/2025\/12\/image-11-300x120.png 300w, https:\/\/museurealcompanhiavelha.pt\/wp-content\/uploads\/2025\/12\/image-11-768x307.png 768w, https:\/\/museurealcompanhiavelha.pt\/wp-content\/uploads\/2025\/12\/image-11-18x7.png 18w, https:\/\/museurealcompanhiavelha.pt\/wp-content\/uploads\/2025\/12\/image-11-415x166.png 415w, https:\/\/museurealcompanhiavelha.pt\/wp-content\/uploads\/2025\/12\/image-11-650x260.png 650w, https:\/\/museurealcompanhiavelha.pt\/wp-content\/uploads\/2025\/12\/image-11-250x100.png 250w, https:\/\/museurealcompanhiavelha.pt\/wp-content\/uploads\/2025\/12\/image-11-600x240.png 600w\" sizes=\"(max-width: 886px) 100vw, 886px\" \/><\/figure>\n\n\n\n<p>Cada mes, el Museo de la 1.\u00aa Demarcaci\u00f3n destaca una de las piezas de su exposici\u00f3n permanente. Le invitamos a descubrir la pieza del mes y a conocer m\u00e1s sobre nuestra historia.<\/p>\n\n\n\n<p>A lo largo del r\u00edo Duero, diversos obst\u00e1culos dificultaban su navegaci\u00f3n. La demolici\u00f3n de esos mismos obst\u00e1culos permiti\u00f3 la navegabilidad del r\u00edo Duero hasta la frontera con Espa\u00f1a, fortaleciendo as\u00ed la producci\u00f3n del vino de Oporto en el Alto Duero. La destrucci\u00f3n del Cach\u00e3o da Valeira fue una de las obras emprendidas por la Companhia entre 1780 y 1792. La acuarela en cuesti\u00f3n se encuentra en la cuarta secci\u00f3n expositiva de nuestro museo, que muestra las diversas obras p\u00fablicas realizadas por la Real Companhia Velha.<\/p>\n\n\n\n<div class=\"wp-block-group is-layout-grid wp-container-core-group-is-layout-9649a0d9 wp-block-group-is-layout-grid\">\n<p><strong>Autor<br><\/strong>Jo\u00e3o Baptista Ribeiro<\/p>\n\n\n\n<p><strong>T\u00e9cnica<br><\/strong>Acuarela<\/p>\n\n\n\n<p><strong>Dataci\u00f3n<\/strong><br>1810<\/p>\n\n\n\n<p><strong>Colecci\u00f3n<\/strong><br>Real Companhia Velha<\/p>\n\n\n\n<p><strong>Dimensiones<\/strong><br>Altura: 63,7 cm x Longitud: 84,4 cm x Anchura: 4,7 cm<\/p>\n<\/div>","protected":false},"excerpt":{"rendered":"<p>Pe\u00e7a do m\u00eas &#8211; dezembro, 2019 Todos os meses, o Museu da 1\u00aa Demarca\u00e7\u00e3o destaca uma das pe\u00e7as da exposi\u00e7\u00e3o permanente. Venha descobrir a pe\u00e7a&#8230;<\/p>","protected":false},"author":1,"featured_media":8434,"comment_status":"open","ping_status":"closed","template":"","meta":{"footnotes":""},"museum-category":[166],"museum-country":[],"museum-curator":[],"museum-director":[],"museum-tag":[],"class_list":["post-8430","museum","type-museum","status-publish","has-post-thumbnail","hentry","museum-category-acervo-museologico"],"_links":{"self":[{"href":"https:\/\/museurealcompanhiavelha.pt\/es\/wp-json\/wp\/v2\/museum\/8430","targetHints":{"allow":["GET"]}}],"collection":[{"href":"https:\/\/museurealcompanhiavelha.pt\/es\/wp-json\/wp\/v2\/museum"}],"about":[{"href":"https:\/\/museurealcompanhiavelha.pt\/es\/wp-json\/wp\/v2\/types\/museum"}],"author":[{"embeddable":true,"href":"https:\/\/museurealcompanhiavelha.pt\/es\/wp-json\/wp\/v2\/users\/1"}],"replies":[{"embeddable":true,"href":"https:\/\/museurealcompanhiavelha.pt\/es\/wp-json\/wp\/v2\/comments?post=8430"}],"version-history":[{"count":3,"href":"https:\/\/museurealcompanhiavelha.pt\/es\/wp-json\/wp\/v2\/museum\/8430\/revisions"}],"predecessor-version":[{"id":9786,"href":"https:\/\/museurealcompanhiavelha.pt\/es\/wp-json\/wp\/v2\/museum\/8430\/revisions\/9786"}],"wp:featuredmedia":[{"embeddable":true,"href":"https:\/\/museurealcompanhiavelha.pt\/es\/wp-json\/wp\/v2\/media\/8434"}],"wp:attachment":[{"href":"https:\/\/museurealcompanhiavelha.pt\/es\/wp-json\/wp\/v2\/media?parent=8430"}],"wp:term":[{"taxonomy":"museum-category","embeddable":true,"href":"https:\/\/museurealcompanhiavelha.pt\/es\/wp-json\/wp\/v2\/museum-category?post=8430"},{"taxonomy":"museum-country","embeddable":true,"href":"https:\/\/museurealcompanhiavelha.pt\/es\/wp-json\/wp\/v2\/museum-country?post=8430"},{"taxonomy":"museum-curator","embeddable":true,"href":"https:\/\/museurealcompanhiavelha.pt\/es\/wp-json\/wp\/v2\/museum-curator?post=8430"},{"taxonomy":"museum-director","embeddable":true,"href":"https:\/\/museurealcompanhiavelha.pt\/es\/wp-json\/wp\/v2\/museum-director?post=8430"},{"taxonomy":"museum-tag","embeddable":true,"href":"https:\/\/museurealcompanhiavelha.pt\/es\/wp-json\/wp\/v2\/museum-tag?post=8430"}],"curies":[{"name":"wp","href":"https:\/\/api.w.org\/{rel}","templated":true}]}}